{"id":25,"date":"2017-06-19T07:08:22","date_gmt":"2017-06-19T07:08:22","guid":{"rendered":"https:\/\/fundacionjeffersongye.com\/index.php\/contact\/"},"modified":"2023-10-14T21:55:36","modified_gmt":"2023-10-14T19:55:36","slug":"talleres","status":"publish","type":"page","link":"https:\/\/fundacionjeffersongye.com\/index.php\/talleres\/","title":{"rendered":"Talleres"},"content":{"rendered":"\t\t<div data-elementor-type=\"wp-post\" data-elementor-id=\"25\" class=\"elementor elementor-25\" data-elementor-post-type=\"page\">\n\t\t\t\t\t\t\t<div class=\"elementor-element elementor-element-b8c04ba e-flex e-con-boxed e-con e-parent\" data-id=\"b8c04ba\" data-element_type=\"container\" data-settings=\"{&quot;content_width&quot;:&quot;boxed&quot;}\" data-core-v316-plus=\"true\">\n\t\t\t\t\t<div class=\"e-con-inner\">\n\t\t<div class=\"elementor-element elementor-element-fd47b2f e-flex e-con-boxed e-con e-child\" data-id=\"fd47b2f\" data-element_type=\"container\" data-settings=\"{&quot;background_background&quot;:&quot;classic&quot;,&quot;content_width&quot;:&quot;boxed&quot;}\">\n\t\t\t\t\t<div class=\"e-con-inner\">\n\t\t<div class=\"elementor-element elementor-element-6a55775 e-con-full e-flex e-con e-child\" data-id=\"6a55775\" data-element_type=\"container\" data-settings=\"{&quot;content_width&quot;:&quot;full&quot;}\">\n\t\t\t\t<div class=\"elementor-element elementor-element-201b336 elementor-widget elementor-widget-image\" data-id=\"201b336\" data-element_type=\"widget\" data-widget_type=\"image.default\">\n\t\t\t\t<div class=\"elementor-widget-container\">\n\t\t\t<style>\/*! elementor - v3.18.0 - 20-12-2023 *\/\n.elementor-widget-image{text-align:center}.elementor-widget-image a{display:inline-block}.elementor-widget-image a img[src$=\".svg\"]{width:48px}.elementor-widget-image img{vertical-align:middle;display:inline-block}<\/style>\t\t\t\t\t\t\t\t\t\t\t\t<img fetchpriority=\"high\" decoding=\"async\" width=\"725\" height=\"1024\" src=\"https:\/\/fundacionjeffersongye.com\/wp-content\/uploads\/2023\/10\/Recurso-11@3x-725x1024.png\" class=\"attachment-large size-large wp-image-1743\" alt=\"\" srcset=\"https:\/\/fundacionjeffersongye.com\/wp-content\/uploads\/2023\/10\/Recurso-11@3x-725x1024.png 725w, https:\/\/fundacionjeffersongye.com\/wp-content\/uploads\/2023\/10\/Recurso-11@3x-212x300.png 212w, https:\/\/fundacionjeffersongye.com\/wp-content\/uploads\/2023\/10\/Recurso-11@3x-768x1085.png 768w, https:\/\/fundacionjeffersongye.com\/wp-content\/uploads\/2023\/10\/Recurso-11@3x-1088x1536.png 1088w, https:\/\/fundacionjeffersongye.com\/wp-content\/uploads\/2023\/10\/Recurso-11@3x.png 1264w\" sizes=\"(max-width: 725px) 100vw, 725px\" \/>\t\t\t\t\t\t\t\t\t\t\t\t\t\t\t<\/div>\n\t\t\t\t<\/div>\n\t\t\t\t<\/div>\n\t\t<div class=\"elementor-element elementor-element-2817c6c e-con-full e-flex e-con e-child\" data-id=\"2817c6c\" data-element_type=\"container\" data-settings=\"{&quot;content_width&quot;:&quot;full&quot;,&quot;background_background&quot;:&quot;classic&quot;}\">\n\t\t\t\t<div class=\"elementor-element elementor-element-2bd07a4 elementor-widget elementor-widget-text-editor\" data-id=\"2bd07a4\" data-element_type=\"widget\" data-widget_type=\"text-editor.default\">\n\t\t\t\t<div class=\"elementor-widget-container\">\n\t\t\t<style>\/*! elementor - v3.18.0 - 20-12-2023 *\/\n.elementor-widget-text-editor.elementor-drop-cap-view-stacked .elementor-drop-cap{background-color:#69727d;color:#fff}.elementor-widget-text-editor.elementor-drop-cap-view-framed .elementor-drop-cap{color:#69727d;border:3px solid;background-color:transparent}.elementor-widget-text-editor:not(.elementor-drop-cap-view-default) .elementor-drop-cap{margin-top:8px}.elementor-widget-text-editor:not(.elementor-drop-cap-view-default) .elementor-drop-cap-letter{width:1em;height:1em}.elementor-widget-text-editor .elementor-drop-cap{float:left;text-align:center;line-height:1;font-size:50px}.elementor-widget-text-editor .elementor-drop-cap-letter{display:inline-block}<\/style>\t\t\t\t<p>Inicia 16 de octubre y<br \/>Finaliza 22 de diciembre<\/p><p>Formaci\u00f3n gratuita<\/p><p>Abierta a todo p\u00fablico<br \/>p\/ MAYORES DE 16 A\u00d1OS<\/p><p>2 <span style=\"font-size: 16px;\">clases semanales \/\u00a0<\/span><\/p><p>PRESENCIALES Y VIRTUALES<\/p>\t\t\t\t\t\t<\/div>\n\t\t\t\t<\/div>\n\t\t\t\t<\/div>\n\t\t\t\t\t<\/div>\n\t\t\t\t<\/div>\n\t\t\t\t\t<\/div>\n\t\t\t\t<\/div>\n\t\t<div class=\"elementor-element elementor-element-837d0da e-flex e-con-boxed e-con e-parent\" data-id=\"837d0da\" data-element_type=\"container\" data-settings=\"{&quot;content_width&quot;:&quot;boxed&quot;}\" data-core-v316-plus=\"true\">\n\t\t\t\t\t<div class=\"e-con-inner\">\n\t\t<div class=\"elementor-element elementor-element-0ff1a56 e-con-full e-flex e-con e-child\" data-id=\"0ff1a56\" data-element_type=\"container\" data-settings=\"{&quot;content_width&quot;:&quot;full&quot;}\">\n\t\t\t\t<\/div>\n\t\t\t\t\t<\/div>\n\t\t\t\t<\/div>\n\t\t<div class=\"elementor-element elementor-element-38736c8 e-con-full e-flex e-con e-parent\" data-id=\"38736c8\" data-element_type=\"container\" data-settings=\"{&quot;content_width&quot;:&quot;full&quot;}\" data-core-v316-plus=\"true\">\n\t\t\t\t<div class=\"elementor-element elementor-element-30ad6e9 elementor-widget__width-inherit elementor-widget elementor-widget-image\" data-id=\"30ad6e9\" data-element_type=\"widget\" data-widget_type=\"image.default\">\n\t\t\t\t<div class=\"elementor-widget-container\">\n\t\t\t\t\t\t\t\t\t\t\t\t\t\t\t<img decoding=\"async\" width=\"1024\" height=\"723\" src=\"https:\/\/fundacionjeffersongye.com\/wp-content\/uploads\/2023\/10\/Recurso-12@3x-1024x723.png\" class=\"attachment-large size-large wp-image-1748\" alt=\"\" srcset=\"https:\/\/fundacionjeffersongye.com\/wp-content\/uploads\/2023\/10\/Recurso-12@3x-1024x723.png 1024w, https:\/\/fundacionjeffersongye.com\/wp-content\/uploads\/2023\/10\/Recurso-12@3x-300x212.png 300w, https:\/\/fundacionjeffersongye.com\/wp-content\/uploads\/2023\/10\/Recurso-12@3x-768x542.png 768w, https:\/\/fundacionjeffersongye.com\/wp-content\/uploads\/2023\/10\/Recurso-12@3x-1536x1084.png 1536w, https:\/\/fundacionjeffersongye.com\/wp-content\/uploads\/2023\/10\/Recurso-12@3x-2048x1446.png 2048w\" sizes=\"(max-width: 1024px) 100vw, 1024px\" \/>\t\t\t\t\t\t\t\t\t\t\t\t\t\t\t<\/div>\n\t\t\t\t<\/div>\n\t\t\t\t<\/div>\n\t\t<div class=\"elementor-element elementor-element-28f068f e-flex e-con-boxed e-con e-parent\" data-id=\"28f068f\" data-element_type=\"container\" data-settings=\"{&quot;content_width&quot;:&quot;boxed&quot;}\" data-core-v316-plus=\"true\">\n\t\t\t\t\t<div class=\"e-con-inner\">\n\t\t<div class=\"elementor-element elementor-element-9c52318 e-con-full e-flex e-con e-child\" data-id=\"9c52318\" data-element_type=\"container\" data-settings=\"{&quot;content_width&quot;:&quot;full&quot;,&quot;background_background&quot;:&quot;classic&quot;}\">\n\t\t\t\t<div class=\"elementor-element elementor-element-e1670ed elementor-widget elementor-widget-image\" data-id=\"e1670ed\" data-element_type=\"widget\" data-widget_type=\"image.default\">\n\t\t\t\t<div class=\"elementor-widget-container\">\n\t\t\t\t\t\t\t\t\t\t\t\t\t\t\t<img decoding=\"async\" width=\"1024\" height=\"1024\" src=\"https:\/\/fundacionjeffersongye.com\/wp-content\/uploads\/2023\/10\/Recurso-13@3x-1024x1024.png\" class=\"attachment-large size-large wp-image-1797\" alt=\"\" srcset=\"https:\/\/fundacionjeffersongye.com\/wp-content\/uploads\/2023\/10\/Recurso-13@3x-1024x1024.png 1024w, https:\/\/fundacionjeffersongye.com\/wp-content\/uploads\/2023\/10\/Recurso-13@3x-300x300.png 300w, https:\/\/fundacionjeffersongye.com\/wp-content\/uploads\/2023\/10\/Recurso-13@3x-150x150.png 150w, https:\/\/fundacionjeffersongye.com\/wp-content\/uploads\/2023\/10\/Recurso-13@3x-768x768.png 768w, https:\/\/fundacionjeffersongye.com\/wp-content\/uploads\/2023\/10\/Recurso-13@3x.png 1194w\" sizes=\"(max-width: 1024px) 100vw, 1024px\" \/>\t\t\t\t\t\t\t\t\t\t\t\t\t\t\t<\/div>\n\t\t\t\t<\/div>\n\t\t\t\t<\/div>\n\t\t<div class=\"elementor-element elementor-element-37c63d0 e-con-full e-flex e-con e-child\" data-id=\"37c63d0\" data-element_type=\"container\" data-settings=\"{&quot;content_width&quot;:&quot;full&quot;,&quot;background_background&quot;:&quot;classic&quot;}\">\n\t\t\t\t<div class=\"elementor-element elementor-element-4585042 elementor-widget elementor-widget-heading\" data-id=\"4585042\" data-element_type=\"widget\" data-widget_type=\"heading.default\">\n\t\t\t\t<div class=\"elementor-widget-container\">\n\t\t\t<style>\/*! elementor - v3.18.0 - 20-12-2023 *\/\n.elementor-heading-title{padding:0;margin:0;line-height:1}.elementor-widget-heading .elementor-heading-title[class*=elementor-size-]>a{color:inherit;font-size:inherit;line-height:inherit}.elementor-widget-heading .elementor-heading-title.elementor-size-small{font-size:15px}.elementor-widget-heading .elementor-heading-title.elementor-size-medium{font-size:19px}.elementor-widget-heading .elementor-heading-title.elementor-size-large{font-size:29px}.elementor-widget-heading .elementor-heading-title.elementor-size-xl{font-size:39px}.elementor-widget-heading .elementor-heading-title.elementor-size-xxl{font-size:59px}<\/style><h2 class=\"elementor-heading-title elementor-size-default\">EL TALLER<\/h2>\t\t<\/div>\n\t\t\t\t<\/div>\n\t\t\t\t<div class=\"elementor-element elementor-element-1a265ed elementor-widget elementor-widget-text-editor\" data-id=\"1a265ed\" data-element_type=\"widget\" data-widget_type=\"text-editor.default\">\n\t\t\t\t<div class=\"elementor-widget-container\">\n\t\t\t\t\t\t\t<p>En base a este objetivo general, se investigar\u00e1 sobre diferentes problemas que el cambio\u00a0 clim\u00e1tico puede hacer en nuestra comunidad \u00a0 o en el Ecuador y para as\u00ed encontrar opciones adecuadas para dise\u00f1ar un proyecto que pueda mitigar y dar soluciones al cambio clim\u00e1tico\u00a0 en el pa\u00eds. Se pueden encontrar soluciones cient\u00edficas, sociales, econ\u00f3micas, entre otras.<\/p>\t\t\t\t\t\t<\/div>\n\t\t\t\t<\/div>\n\t\t\t\t<\/div>\n\t\t\t\t\t<\/div>\n\t\t\t\t<\/div>\n\t\t<div class=\"elementor-element elementor-element-25a730e e-con-full e-flex e-con e-parent\" data-id=\"25a730e\" data-element_type=\"container\" data-settings=\"{&quot;content_width&quot;:&quot;full&quot;}\" data-core-v316-plus=\"true\">\n\t\t<div class=\"elementor-element elementor-element-19b73f6 e-con-full e-flex e-con e-child\" data-id=\"19b73f6\" data-element_type=\"container\" data-settings=\"{&quot;content_width&quot;:&quot;full&quot;,&quot;background_background&quot;:&quot;classic&quot;}\">\n\t\t\t\t<div class=\"elementor-element elementor-element-c9c6dce elementor-widget elementor-widget-heading\" data-id=\"c9c6dce\" data-element_type=\"widget\" data-widget_type=\"heading.default\">\n\t\t\t\t<div class=\"elementor-widget-container\">\n\t\t\t<h2 class=\"elementor-heading-title elementor-size-default\">ETAPAS<\/h2>\t\t<\/div>\n\t\t\t\t<\/div>\n\t\t\t\t<\/div>\n\t\t<div class=\"elementor-element elementor-element-1be5b44 e-con-full e-flex e-con e-child\" data-id=\"1be5b44\" data-element_type=\"container\" data-settings=\"{&quot;content_width&quot;:&quot;full&quot;,&quot;background_background&quot;:&quot;classic&quot;}\">\n\t\t\t\t<div class=\"elementor-element elementor-element-4076515 elementor-widget elementor-widget-heading\" data-id=\"4076515\" data-element_type=\"widget\" data-widget_type=\"heading.default\">\n\t\t\t\t<div class=\"elementor-widget-container\">\n\t\t\t<h2 class=\"elementor-heading-title elementor-size-default\">Etapa #1 Cuestionamiento <\/h2>\t\t<\/div>\n\t\t\t\t<\/div>\n\t\t\t\t<div class=\"elementor-element elementor-element-3d7acb8 elementor-widget elementor-widget-text-editor\" data-id=\"3d7acb8\" data-element_type=\"widget\" data-widget_type=\"text-editor.default\">\n\t\t\t\t<div class=\"elementor-widget-container\">\n\t\t\t\t\t\t\t<p>Reflexionar sobre el cambio clim\u00e1tico y la sostenibilidad. Semana 1 (octubre 17)\u00a0<\/p>\t\t\t\t\t\t<\/div>\n\t\t\t\t<\/div>\n\t\t\t\t<div class=\"elementor-element elementor-element-909065a elementor-widget elementor-widget-heading\" data-id=\"909065a\" data-element_type=\"widget\" data-widget_type=\"heading.default\">\n\t\t\t\t<div class=\"elementor-widget-container\">\n\t\t\t<h2 class=\"elementor-heading-title elementor-size-default\">Etapa #2 Investigaci\u00f3n <\/h2>\t\t<\/div>\n\t\t\t\t<\/div>\n\t\t\t\t<div class=\"elementor-element elementor-element-6ecdf54 elementor-widget elementor-widget-text-editor\" data-id=\"6ecdf54\" data-element_type=\"widget\" data-widget_type=\"text-editor.default\">\n\t\t\t\t<div class=\"elementor-widget-container\">\n\t\t\t\t\t\t\t<p>semana 1 a semana 3. (octubre 19 a octubre 31)\u00a0<\/p>\t\t\t\t\t\t<\/div>\n\t\t\t\t<\/div>\n\t\t\t\t<div class=\"elementor-element elementor-element-a2a8d5e elementor-widget elementor-widget-heading\" data-id=\"a2a8d5e\" data-element_type=\"widget\" data-widget_type=\"heading.default\">\n\t\t\t\t<div class=\"elementor-widget-container\">\n\t\t\t<h2 class=\"elementor-heading-title elementor-size-default\">Etapa #3\n Desarrollo<\/h2>\t\t<\/div>\n\t\t\t\t<\/div>\n\t\t\t\t<div class=\"elementor-element elementor-element-f0b1679 elementor-widget elementor-widget-text-editor\" data-id=\"f0b1679\" data-element_type=\"widget\" data-widget_type=\"text-editor.default\">\n\t\t\t\t<div class=\"elementor-widget-container\">\n\t\t\t\t\t\t\t<p>semana 4 a semana 10 . (noviembre 7 a diciembre 19)\u00a0<\/p>\t\t\t\t\t\t<\/div>\n\t\t\t\t<\/div>\n\t\t\t\t<div class=\"elementor-element elementor-element-5c53f8b elementor-widget elementor-widget-heading\" data-id=\"5c53f8b\" data-element_type=\"widget\" data-widget_type=\"heading.default\">\n\t\t\t\t<div class=\"elementor-widget-container\">\n\t\t\t<h2 class=\"elementor-heading-title elementor-size-default\">Etapa#4\n Presentaci\u00f3n <\/h2>\t\t<\/div>\n\t\t\t\t<\/div>\n\t\t\t\t<div class=\"elementor-element elementor-element-4f00775 elementor-widget elementor-widget-text-editor\" data-id=\"4f00775\" data-element_type=\"widget\" data-widget_type=\"text-editor.default\">\n\t\t\t\t<div class=\"elementor-widget-container\">\n\t\t\t\t\t\t\t<p>semana 10 (diciembre 21)<\/p>\t\t\t\t\t\t<\/div>\n\t\t\t\t<\/div>\n\t\t\t\t<\/div>\n\t\t\t\t<\/div>\n\t\t<div class=\"elementor-element elementor-element-b5536eb e-flex e-con-boxed e-con e-parent\" data-id=\"b5536eb\" data-element_type=\"container\" data-settings=\"{&quot;content_width&quot;:&quot;boxed&quot;}\" data-core-v316-plus=\"true\">\n\t\t\t\t\t<div class=\"e-con-inner\">\n\t\t<div class=\"elementor-element elementor-element-cfff2ba e-con-full e-flex e-con e-child\" data-id=\"cfff2ba\" data-element_type=\"container\" data-settings=\"{&quot;content_width&quot;:&quot;full&quot;,&quot;background_background&quot;:&quot;classic&quot;}\">\n\t\t\t\t<div class=\"elementor-element elementor-element-45739cd elementor-widget elementor-widget-heading\" data-id=\"45739cd\" data-element_type=\"widget\" data-widget_type=\"heading.default\">\n\t\t\t\t<div class=\"elementor-widget-container\">\n\t\t\t<h2 class=\"elementor-heading-title elementor-size-default\">EL PRODUCTO FINAL<\/h2>\t\t<\/div>\n\t\t\t\t<\/div>\n\t\t\t\t<\/div>\n\t\t<div class=\"elementor-element elementor-element-91ca81d e-con-full e-flex e-con e-child\" data-id=\"91ca81d\" data-element_type=\"container\" data-settings=\"{&quot;content_width&quot;:&quot;full&quot;}\">\n\t\t\t\t<div class=\"elementor-element elementor-element-3a4f820 elementor-widget elementor-widget-text-editor\" data-id=\"3a4f820\" data-element_type=\"widget\" data-widget_type=\"text-editor.default\">\n\t\t\t\t<div class=\"elementor-widget-container\">\n\t\t\t\t\t\t\t<p>Proyecto orientado a resolver un problema relacionado con el cambio clim\u00e1tico en Ecuador<\/p>\t\t\t\t\t\t<\/div>\n\t\t\t\t<\/div>\n\t\t\t\t<\/div>\n\t\t\t\t\t<\/div>\n\t\t\t\t<\/div>\n\t\t<div class=\"elementor-element elementor-element-756bcbb e-con-full e-flex e-con e-parent\" data-id=\"756bcbb\" data-element_type=\"container\" data-settings=\"{&quot;content_width&quot;:&quot;full&quot;}\" data-core-v316-plus=\"true\">\n\t\t<div class=\"elementor-element elementor-element-f0bcde3 e-con-full e-flex e-con e-child\" data-id=\"f0bcde3\" data-element_type=\"container\" data-settings=\"{&quot;content_width&quot;:&quot;full&quot;,&quot;background_background&quot;:&quot;classic&quot;}\">\n\t\t\t\t<div class=\"elementor-element elementor-element-843eee5 elementor-widget elementor-widget-image\" data-id=\"843eee5\" data-element_type=\"widget\" data-widget_type=\"image.default\">\n\t\t\t\t<div class=\"elementor-widget-container\">\n\t\t\t\t\t\t\t\t\t\t\t\t\t\t\t<img loading=\"lazy\" decoding=\"async\" width=\"150\" height=\"150\" src=\"https:\/\/fundacionjeffersongye.com\/wp-content\/uploads\/2023\/10\/eduardo-cazar@3x-1-150x150.png\" class=\"attachment-thumbnail size-thumbnail wp-image-1823\" alt=\"\" srcset=\"https:\/\/fundacionjeffersongye.com\/wp-content\/uploads\/2023\/10\/eduardo-cazar@3x-1-150x150.png 150w, https:\/\/fundacionjeffersongye.com\/wp-content\/uploads\/2023\/10\/eduardo-cazar@3x-1-300x300.png 300w, https:\/\/fundacionjeffersongye.com\/wp-content\/uploads\/2023\/10\/eduardo-cazar@3x-1.png 408w\" sizes=\"(max-width: 150px) 100vw, 150px\" \/>\t\t\t\t\t\t\t\t\t\t\t\t\t\t\t<\/div>\n\t\t\t\t<\/div>\n\t\t\t\t<div class=\"elementor-element elementor-element-af40f5a elementor-widget elementor-widget-heading\" data-id=\"af40f5a\" data-element_type=\"widget\" data-widget_type=\"heading.default\">\n\t\t\t\t<div class=\"elementor-widget-container\">\n\t\t\t<h2 class=\"elementor-heading-title elementor-size-default\">EDUARDO CAZAR<\/h2>\t\t<\/div>\n\t\t\t\t<\/div>\n\t\t\t\t<div class=\"elementor-element elementor-element-22db7d0 elementor-widget elementor-widget-text-editor\" data-id=\"22db7d0\" data-element_type=\"widget\" data-widget_type=\"text-editor.default\">\n\t\t\t\t<div class=\"elementor-widget-container\">\n\t\t\t\t\t\t\t<p>Graduado en Sostenibilidad y Cambio Clim\u00e1tico en Florida\u00a0 International University en Miami- Florida. Cuenta con m\u00e1s de cuatro a\u00f1os de experiencia en temas relacionados\u00a0 con la sostenibilidad, el cambio clim\u00e1tico y ecosistemas.<\/p><p>\u00a0Trabaj\u00f3 como pasante en FIU UNIVERSITY, durante 21 meses como naturista en la reserva natural de 4 hect\u00e1reas de la Universidad, lo que le permiti\u00f3 conocer de cerca la importancia de los manglares.<\/p>\t\t\t\t\t\t<\/div>\n\t\t\t\t<\/div>\n\t\t\t\t<\/div>\n\t\t<div class=\"elementor-element elementor-element-1e6dfb3 e-con-full e-flex e-con e-child\" data-id=\"1e6dfb3\" data-element_type=\"container\" data-settings=\"{&quot;content_width&quot;:&quot;full&quot;,&quot;background_background&quot;:&quot;classic&quot;}\">\n\t\t\t\t<div class=\"elementor-element elementor-element-f76b9a2 elementor-widget elementor-widget-text-editor\" data-id=\"f76b9a2\" data-element_type=\"widget\" data-widget_type=\"text-editor.default\">\n\t\t\t\t<div class=\"elementor-widget-container\">\n\t\t\t\t\t\t\t<p>Una vez en Ecuador, fue pasante por en la M.I. Municipalidad de Guayaquil en la oficina de Sostenibilidad y Cambio\u00a0 Clim\u00e1tico en el que trabaj\u00f3 como encargado de la socializa- ci\u00f3n sobre el cuidado y protecci\u00f3n de la fauna y\u00a0 el bosque seco, as\u00ed como tambi\u00e9n fue voluntario en el Programa de Sensibilizaci\u00f3n Ambiental RECICLA Y CONSERVA.<\/p><p>Es fundador y representante legal de la Compa\u00f1\u00eda EJIMCG CONSULTORIA Y SOLUCIONES AMBIENTALES S.A.S., donde brinda asesor\u00eda a empresas sobre procesos y da\u00f1os\u00a0 ambientales. Actualmente, se encuentra cursando una maestr\u00eda en Gesti\u00f3n Ambiental con menci\u00f3n en Sostenibilidad en la Universidad De los Hemisferios.<\/p>\t\t\t\t\t\t<\/div>\n\t\t\t\t<\/div>\n\t\t\t\t<\/div>\n\t\t\t\t<\/div>\n\t\t\t\t\t\t\t<\/div>\n\t\t","protected":false},"excerpt":{"rendered":"<p>Inicia 16 de octubre yFinaliza 22 de diciembre Formaci\u00f3n gratuita Abierta a todo p\u00fablicop\/ MAYORES DE 16 A\u00d1OS 2 clases semanales \/\u00a0 PRESENCIALES Y VIRTUALES EL TALLER En base a este objetivo general, se investigar\u00e1 sobre diferentes problemas que el cambio\u00a0 clim\u00e1tico puede hacer en nuestra comunidad \u00a0 o en el Ecuador y para as\u00ed [&hellip;]<\/p>\n","protected":false},"author":1,"featured_media":0,"parent":0,"menu_order":0,"comment_status":"closed","ping_status":"closed","template":"","meta":{"_monsterinsights_skip_tracking":false,"_monsterinsights_sitenote_active":false,"_monsterinsights_sitenote_note":"","_monsterinsights_sitenote_category":0,"site-sidebar-layout":"no-sidebar","site-content-layout":"page-builder","ast-site-content-layout":"full-width-container","site-content-style":"unboxed","site-sidebar-style":"unboxed","ast-global-header-display":"","ast-banner-title-visibility":"","ast-main-header-display":"","ast-hfb-above-header-display":"","ast-hfb-below-header-display":"","ast-hfb-mobile-header-display":"","site-post-title":"disabled","ast-breadcrumbs-content":"","ast-featured-img":"disabled","footer-sml-layout":"","theme-transparent-header-meta":"enabled","adv-header-id-meta":"","stick-header-meta":"","header-above-stick-meta":"","header-main-stick-meta":"","header-below-stick-meta":"","astra-migrate-meta-layouts":"set","ast-page-background-enabled":"default","ast-page-background-meta":{"desktop":{"background-color":"","background-image":"","background-repeat":"repeat","background-position":"center center","background-size":"auto","background-attachment":"scroll","background-type":"","background-media":"","overlay-type":"","overlay-color":"","overlay-gradient":""},"tablet":{"background-color":"","background-image":"","background-repeat":"repeat","background-position":"center center","background-size":"auto","background-attachment":"scroll","background-type":"","background-media":"","overlay-type":"","overlay-color":"","overlay-gradient":""},"mobile":{"background-color":"","background-image":"","background-repeat":"repeat","background-position":"center center","background-size":"auto","background-attachment":"scroll","background-type":"","background-media":"","overlay-type":"","overlay-color":"","overlay-gradient":""}},"ast-content-background-meta":{"desktop":{"background-color":"var(--ast-global-color-5)","background-image":"","background-repeat":"repeat","background-position":"center center","background-size":"auto","background-attachment":"scroll","background-type":"","background-media":"","overlay-type":"","overlay-color":"","overlay-gradient":""},"tablet":{"background-color":"var(--ast-global-color-5)","background-image":"","background-repeat":"repeat","background-position":"center center","background-size":"auto","background-attachment":"scroll","background-type":"","background-media":"","overlay-type":"","overlay-color":"","overlay-gradient":""},"mobile":{"background-color":"var(--ast-global-color-5)","background-image":"","background-repeat":"repeat","background-position":"center center","background-size":"auto","background-attachment":"scroll","background-type":"","background-media":"","overlay-type":"","overlay-color":"","overlay-gradient":""}},"footnotes":"","_joinchat":[]},"yoast_head":"<!-- This site is optimized with the Yoast SEO plugin v21.7 - https:\/\/yoast.com\/wordpress\/plugins\/seo\/ -->\n<title>Talleres - fundacionjeffersongye.com<\/title>\n<meta name=\"robots\" content=\"index, follow, max-snippet:-1, max-image-preview:large, max-video-preview:-1\" \/>\n<link rel=\"canonical\" href=\"https:\/\/fundacionjeffersongye.com\/index.php\/talleres\/\" \/>\n<meta property=\"og:locale\" content=\"en_US\" \/>\n<meta property=\"og:type\" content=\"article\" \/>\n<meta property=\"og:title\" content=\"Talleres - fundacionjeffersongye.com\" \/>\n<meta property=\"og:description\" content=\"Inicia 16 de octubre yFinaliza 22 de diciembre Formaci\u00f3n gratuita Abierta a todo p\u00fablicop\/ MAYORES DE 16 A\u00d1OS 2 clases semanales \/\u00a0 PRESENCIALES Y VIRTUALES EL TALLER En base a este objetivo general, se investigar\u00e1 sobre diferentes problemas que el cambio\u00a0 clim\u00e1tico puede hacer en nuestra comunidad \u00a0 o en el Ecuador y para as\u00ed [&hellip;]\" \/>\n<meta property=\"og:url\" content=\"https:\/\/fundacionjeffersongye.com\/index.php\/talleres\/\" \/>\n<meta property=\"og:site_name\" content=\"fundacionjeffersongye.com\" \/>\n<meta property=\"article:modified_time\" content=\"2023-10-14T19:55:36+00:00\" \/>\n<meta property=\"og:image\" content=\"http:\/\/fundacionjeffersongye.com\/wp-content\/uploads\/2023\/10\/Recurso-11@3x-725x1024.png\" \/>\n<meta name=\"twitter:card\" content=\"summary_large_image\" \/>\n<meta name=\"twitter:label1\" content=\"Est. reading time\" \/>\n\t<meta name=\"twitter:data1\" content=\"3 minutes\" \/>\n<script type=\"application\/ld+json\" class=\"yoast-schema-graph\">{\"@context\":\"https:\/\/schema.org\",\"@graph\":[{\"@type\":\"WebPage\",\"@id\":\"https:\/\/fundacionjeffersongye.com\/index.php\/talleres\/\",\"url\":\"https:\/\/fundacionjeffersongye.com\/index.php\/talleres\/\",\"name\":\"Talleres - fundacionjeffersongye.com\",\"isPartOf\":{\"@id\":\"https:\/\/fundacionjeffersongye.com\/#website\"},\"datePublished\":\"2017-06-19T07:08:22+00:00\",\"dateModified\":\"2023-10-14T19:55:36+00:00\",\"breadcrumb\":{\"@id\":\"https:\/\/fundacionjeffersongye.com\/index.php\/talleres\/#breadcrumb\"},\"inLanguage\":\"en-US\",\"potentialAction\":[{\"@type\":\"ReadAction\",\"target\":[\"https:\/\/fundacionjeffersongye.com\/index.php\/talleres\/\"]}]},{\"@type\":\"BreadcrumbList\",\"@id\":\"https:\/\/fundacionjeffersongye.com\/index.php\/talleres\/#breadcrumb\",\"itemListElement\":[{\"@type\":\"ListItem\",\"position\":1,\"name\":\"Portada\",\"item\":\"https:\/\/fundacionjeffersongye.com\/\"},{\"@type\":\"ListItem\",\"position\":2,\"name\":\"Talleres\"}]},{\"@type\":\"WebSite\",\"@id\":\"https:\/\/fundacionjeffersongye.com\/#website\",\"url\":\"https:\/\/fundacionjeffersongye.com\/\",\"name\":\"fundacionjeffersongye.com\",\"description\":\"\",\"publisher\":{\"@id\":\"https:\/\/fundacionjeffersongye.com\/#organization\"},\"potentialAction\":[{\"@type\":\"SearchAction\",\"target\":{\"@type\":\"EntryPoint\",\"urlTemplate\":\"https:\/\/fundacionjeffersongye.com\/?s={search_term_string}\"},\"query-input\":\"required name=search_term_string\"}],\"inLanguage\":\"en-US\"},{\"@type\":\"Organization\",\"@id\":\"https:\/\/fundacionjeffersongye.com\/#organization\",\"name\":\"Fundacion educativa jefferson guayaquil\",\"url\":\"https:\/\/fundacionjeffersongye.com\/\",\"logo\":{\"@type\":\"ImageObject\",\"inLanguage\":\"en-US\",\"@id\":\"https:\/\/fundacionjeffersongye.com\/#\/schema\/logo\/image\/\",\"url\":\"https:\/\/fundacionjeffersongye.com\/wp-content\/uploads\/2023\/10\/cropped-fundacionjg@3x-1.png\",\"contentUrl\":\"https:\/\/fundacionjeffersongye.com\/wp-content\/uploads\/2023\/10\/cropped-fundacionjg@3x-1.png\",\"width\":363,\"height\":358,\"caption\":\"Fundacion educativa jefferson guayaquil\"},\"image\":{\"@id\":\"https:\/\/fundacionjeffersongye.com\/#\/schema\/logo\/image\/\"},\"sameAs\":[\"https:\/\/www.instagram.com\/fundacionjeffersonguayaquil\/\"]}]}<\/script>\n<!-- \/ Yoast SEO plugin. -->","yoast_head_json":{"title":"Talleres - fundacionjeffersongye.com","robots":{"index":"index","follow":"follow","max-snippet":"max-snippet:-1","max-image-preview":"max-image-preview:large","max-video-preview":"max-video-preview:-1"},"canonical":"https:\/\/fundacionjeffersongye.com\/index.php\/talleres\/","og_locale":"en_US","og_type":"article","og_title":"Talleres - fundacionjeffersongye.com","og_description":"Inicia 16 de octubre yFinaliza 22 de diciembre Formaci\u00f3n gratuita Abierta a todo p\u00fablicop\/ MAYORES DE 16 A\u00d1OS 2 clases semanales \/\u00a0 PRESENCIALES Y VIRTUALES EL TALLER En base a este objetivo general, se investigar\u00e1 sobre diferentes problemas que el cambio\u00a0 clim\u00e1tico puede hacer en nuestra comunidad \u00a0 o en el Ecuador y para as\u00ed [&hellip;]","og_url":"https:\/\/fundacionjeffersongye.com\/index.php\/talleres\/","og_site_name":"fundacionjeffersongye.com","article_modified_time":"2023-10-14T19:55:36+00:00","og_image":[{"url":"http:\/\/fundacionjeffersongye.com\/wp-content\/uploads\/2023\/10\/Recurso-11@3x-725x1024.png"}],"twitter_card":"summary_large_image","twitter_misc":{"Est. reading time":"3 minutes"},"schema":{"@context":"https:\/\/schema.org","@graph":[{"@type":"WebPage","@id":"https:\/\/fundacionjeffersongye.com\/index.php\/talleres\/","url":"https:\/\/fundacionjeffersongye.com\/index.php\/talleres\/","name":"Talleres - fundacionjeffersongye.com","isPartOf":{"@id":"https:\/\/fundacionjeffersongye.com\/#website"},"datePublished":"2017-06-19T07:08:22+00:00","dateModified":"2023-10-14T19:55:36+00:00","breadcrumb":{"@id":"https:\/\/fundacionjeffersongye.com\/index.php\/talleres\/#breadcrumb"},"inLanguage":"en-US","potentialAction":[{"@type":"ReadAction","target":["https:\/\/fundacionjeffersongye.com\/index.php\/talleres\/"]}]},{"@type":"BreadcrumbList","@id":"https:\/\/fundacionjeffersongye.com\/index.php\/talleres\/#breadcrumb","itemListElement":[{"@type":"ListItem","position":1,"name":"Portada","item":"https:\/\/fundacionjeffersongye.com\/"},{"@type":"ListItem","position":2,"name":"Talleres"}]},{"@type":"WebSite","@id":"https:\/\/fundacionjeffersongye.com\/#website","url":"https:\/\/fundacionjeffersongye.com\/","name":"fundacionjeffersongye.com","description":"","publisher":{"@id":"https:\/\/fundacionjeffersongye.com\/#organization"},"potentialAction":[{"@type":"SearchAction","target":{"@type":"EntryPoint","urlTemplate":"https:\/\/fundacionjeffersongye.com\/?s={search_term_string}"},"query-input":"required name=search_term_string"}],"inLanguage":"en-US"},{"@type":"Organization","@id":"https:\/\/fundacionjeffersongye.com\/#organization","name":"Fundacion educativa jefferson guayaquil","url":"https:\/\/fundacionjeffersongye.com\/","logo":{"@type":"ImageObject","inLanguage":"en-US","@id":"https:\/\/fundacionjeffersongye.com\/#\/schema\/logo\/image\/","url":"https:\/\/fundacionjeffersongye.com\/wp-content\/uploads\/2023\/10\/cropped-fundacionjg@3x-1.png","contentUrl":"https:\/\/fundacionjeffersongye.com\/wp-content\/uploads\/2023\/10\/cropped-fundacionjg@3x-1.png","width":363,"height":358,"caption":"Fundacion educativa jefferson guayaquil"},"image":{"@id":"https:\/\/fundacionjeffersongye.com\/#\/schema\/logo\/image\/"},"sameAs":["https:\/\/www.instagram.com\/fundacionjeffersonguayaquil\/"]}]}},"_links":{"self":[{"href":"https:\/\/fundacionjeffersongye.com\/index.php\/wp-json\/wp\/v2\/pages\/25"}],"collection":[{"href":"https:\/\/fundacionjeffersongye.com\/index.php\/wp-json\/wp\/v2\/pages"}],"about":[{"href":"https:\/\/fundacionjeffersongye.com\/index.php\/wp-json\/wp\/v2\/types\/page"}],"author":[{"embeddable":true,"href":"https:\/\/fundacionjeffersongye.com\/index.php\/wp-json\/wp\/v2\/users\/1"}],"replies":[{"embeddable":true,"href":"https:\/\/fundacionjeffersongye.com\/index.php\/wp-json\/wp\/v2\/comments?post=25"}],"version-history":[{"count":58,"href":"https:\/\/fundacionjeffersongye.com\/index.php\/wp-json\/wp\/v2\/pages\/25\/revisions"}],"predecessor-version":[{"id":1922,"href":"https:\/\/fundacionjeffersongye.com\/index.php\/wp-json\/wp\/v2\/pages\/25\/revisions\/1922"}],"wp:attachment":[{"href":"https:\/\/fundacionjeffersongye.com\/index.php\/wp-json\/wp\/v2\/media?parent=25"}],"curies":[{"name":"wp","href":"https:\/\/api.w.org\/{rel}","templated":true}]}}